{"id":3605,"date":"2024-03-12T22:35:52","date_gmt":"2024-03-12T22:35:52","guid":{"rendered":"https:\/\/learningtogether.org\/?page_id=3605"},"modified":"2026-01-09T12:56:59","modified_gmt":"2026-01-09T17:56:59","slug":"our-history","status":"publish","type":"page","link":"https:\/\/learningtogether.org\/es\/our-history\/","title":{"rendered":"Nuestra historia"},"content":{"rendered":"<h1>\n\t\t\tNuestra historia\t<\/h1>\n\t<p>In 1969, a public school teacher brought her vision of a program that embraced children of all abilities and backgrounds to a reality.<\/p>\n\t<p>Today, Learning Together is recognized as a leader in inclusion education by Wake County Public Schools and other programs. Our program fosters inclusive, lifelong learning for individuals of all abilities and backgrounds while empowering families, educators, and community partners to actively promote equity, challenge systemic barriers, and advance access and opportunity across education and daily life.<\/p>\n<p>It&#8217;s important to understand where we&#8217;ve been to unlock our vision of an equitable and inclusive future:<\/p>\n<h2>\n\t\t\tCurrent Years\t<\/h2>\n\t\t\t\t\t\t\t\t\t\t\t\t\t\t\t\t\t\t\t<p>2025<\/p>\n\t\t\t\t\t\t\t\t\t\t\t\t\t\t\t\t\t\t\t\t\t\t\t<h3>July 2025<\/h3> \t\t\t\t\t\t\t\t\t\t\t\n\t\t\t\t\t\t\t\t\t\t\t\t\t\t\t\t\t\t\t\t\t\t\t\t\t\t\t\t\t\t\t\t\t\t\t\t\t\t\t\t\t\t\t\t\t\t\t\t\t\t\t\t\t\t\t\t<p>Jan Baker is named the fifth Executive Director at Learning Together.<\/p> \t\t\t\t\t\t\t\t\t\t\t\t\t\t\t\t\t\t\t\t\t\t\t\t\t\t\t\t\t\n\t\t\t\t\t\t\t\t2025\n\t\t\t\t\t\t\t\t\t\t\t\t\t\t\t\t\t\t\t<p>2023<\/p>\n\t\t\t\t\t\t\t\t\t\t\t\t\t\t\t\t\t\t\t\t\t\t\t<h3>October 2023<\/h3> \t\t\t\t\t\t\t\t\t\t\t\n\t\t\t\t\t\t\t\t\t\t\t\t\t\t\t\t\t\t\t\t\t\t\t\t\t\t\t\t\t\t\t\t\t\t\t\t\t\t\t\t\t\t\t\t\t\t\t\t\t\t\t\t\t\t\t\t<p>NC House Bill 259 passed to increase reimbursement rates for Developmental Day Centers across the state. The landmark change was driven by the NC Association of Developmental Day Center Directors (NCADD), with Learning Together&#8217;s Jan Baker as the NCADD President.<\/p> \t\t\t\t\t\t\t\t\t\t\t\t\t\t\t\t\t\t\t\t\t\t\t\t\t\t\t\t\t\n\t\t\t\t\t\t\t\t2023\n\t\t\t\t\t\t\t\t\t\t\t\t\t\t\t\t\t\t\t<p>2022<\/p>\n\t\t\t\t\t\t\t\t\t\t\t\t\t\t\t\t\t\t\t\t\t\t\t<h3>August 2022<\/h3> \t\t\t\t\t\t\t\t\t\t\t\n\t\t\t\t\t\t\t\t\t\t\t\t\t\t\t\t\t\t\t\t\t\t\t\t\t\t\t\t\t\t\t\t\t\t\t\t\t\t\t\t\t\t\t\t\t\t\t\t\t\t\t\t\t\t\t\t<p>Learning Together relocated its main campus to Edenton Street United Methodist Church (ESUMC), opening six new classrooms and allowing families to maintain uninterrupted services for the 2022-2023 school year.<\/p> \t\t\t\t\t\t\t\t\t\t\t\t\t\t\t\t\t\t\t\t\t\t\t\t\t\t\t\t\t\n\t\t\t\t\t\t\t\t2022\n\t\t\t\t\t\t\t\t\t\t\t\t\t\t\t\t\t\t\t<p>2022<\/p>\n\t\t\t\t\t\t\t\t\t\t\t\t\t\t\t\t\t\t\t\t\t\t\t<h3>June 2022<\/h3> \t\t\t\t\t\t\t\t\t\t\t\n\t\t\t\t\t\t\t\t\t\t\t\t\t\t\t\t\t\t\t\t\t\t\t\t\t\t\t\t\t\t\t\t\t\t\t\t\t\t\t\t\t\t\t\t\t\t\t\t\t\t\t\t\t\t\t\t<p>A gas leak occurred in the Crosby-Garfield building on Lenoir Street, resulting in an explosion and fire that rendered Learning Together&#8217;s main campus unsafe for occupancy.<\/p> \t\t\t\t\t\t\t\t\t\t\t\t\t\t\t\t\t\t\t\t\t\t\t\t\t\t\t\t\t\n\t\t\t\t\t\t\t\t2022\n\t\t\t\t\t\t\t\t\t\t\t\t\t\t\t\t\t\t\t<p>2022<\/p>\n\t\t\t\t\t\t\t\t\t\t\t\t\t\t\t\t\t\t\t\t\t\t\t<h3>May 2022<\/h3> \t\t\t\t\t\t\t\t\t\t\t\n\t\t\t\t\t\t\t\t\t\t\t\t\t\t\t\t\t\t\t\t\t\t\t\t\t\t\t\t\t\t\t\t\t\t\t\t\t\t\t\t\t\t\t\t\t\t\t\t\t\t\t\t\t\t\t\t<p>Learning Together announced an expansion of services with the intent to open three new classrooms at ESUMC in addition to services provided on Lenoir Street.<\/p> \t\t\t\t\t\t\t\t\t\t\t\t\t\t\t\t\t\t\t\t\t\t\t\t\t\t\t\t\t\n\t\t\t\t\t\t\t\t2022\n\t\t\t\t\t\t\t\t\t\t\t\t\t\t\t\t\t\t\t<p>2022<\/p>\n\t\t\t\t\t\t\t\t\t\t\t\t\t\t\t\t\t\t\t\t\t\t\t<h3>April 2022<\/h3> \t\t\t\t\t\t\t\t\t\t\t\n\t\t\t\t\t\t\t\t\t\t\t\t\t\t\t\t\t\t\t\t\t\t\t\t\t\t\t\t\t\t\t\t\t\t\t\t\t\t\t\t\t\t\t\t\t\t\t\t\t\t\t\t\t\t\t\t<p>Learning Together was awarded a three-year grant from the John Rex Endowment to progress our Racial Equity Capacity and partners with Working to Extend Anti-Racism Education (WeAre) in Durham.<\/p> \t\t\t\t\t\t\t\t\t\t\t\t\t\t\t\t\t\t\t\t\t\t\t\t\t\t\t\t\t\n\t\t\t\t\t\t\t\t2022\n\t\t\t\t\t\t\t\t\t\t\t\t\t\t\t\t\t\t\t<p>2021<\/p>\n\t\t\t\t\t\t\t\t\t\t\t\t\t\t\t\t\t\t\t\t\t\t\t<h3>2021<\/h3> \t\t\t\t\t\t\t\t\t\t\t\n\t\t\t\t\t\t\t\t\t\t\t\t\t\t\t\t\t\t\t\t\t\t\t\t\t\t\t\t\t\t\t\t\t\t\t\t\t\t\t\t\t\t\t\t\t\t\t\t\t\t\t\t\t\t\t\t<p>Learning Together hired Kyle Reese as the organization&#8217;s fourth Executive Director.<\/p> \t\t\t\t\t\t\t\t\t\t\t\t\t\t\t\t\t\t\t\t\t\t\t\t\t\t\t\t\t\n\t\t\t\t\t\t\t\t2021\n\t\t\t\t\t\t\t\t\t\t\t\t\t\t\t\t\t\t\t<p>2019<\/p>\n\t\t\t\t\t\t\t\t\t\t\t\t\t\t\t\t\t\t\t\t\t\t\t<h3>2019<\/h3> \t\t\t\t\t\t\t\t\t\t\t\n\t\t\t\t\t\t\t\t\t\t\t\t\t\t\t\t\t\t\t\t\t\t\t\t\t\t\t\t\t\t\t\t\t\t\t\t\t\t\t\t\t\t\t\t\t\t\t\t\t\t\t\t\t\t\t\t<p>Learning Together systematically began addressing staff pay inequities, resulting in a 30% salary increase for teachers over the next five years, along with expanded benefits and professional development.<\/p> \t\t\t\t\t\t\t\t\t\t\t\t\t\t\t\t\t\t\t\t\t\t\t\t\t\t\t\t\t\n\t\t\t\t\t\t\t\t2019\n\t\t\t\t\t\t\t\t\t\t\t\t\t\t\t\t\t\t\t<p>2019<\/p>\n\t\t\t\t\t\t\t\t\t\t\t\t\t\t\t\t\t\t\t\t\t\t\t<h3>2019<\/h3> \t\t\t\t\t\t\t\t\t\t\t\n\t\t\t\t\t\t\t\t\t\t\t\t\t\t\t\t\t\t\t\t\t\t\t\t\t\t\t\t\t\t\t\t\t\t\t\t\t\t\t\t\t\t\t\t\t\t\t\t\t\t\t\t\t\t\t\t<p>GSK IMPACT Award received in recognition of Learning Together&#8217;s exceptional achievements, overall excellence, and best practices in contributing to a healthier Triangle Region. This award honors ten local nonprofit organizations annually through a highly competitive application process.<\/p> \t\t\t\t\t\t\t\t\t\t\t\t\t\t\t\t\t\t\t\t\t\t\t\t\t\t\t\t\t\n\t\t\t\t\t\t\t\t2019\n\t\t\t\t\t\t\t\t\t\t\t\t\t\t\t\t\t\t\t<p>2016<\/p>\n\t\t\t\t\t\t\t\t\t\t\t\t\t\t\t\t\t\t\t\t\t\t\t<h3>2016<\/h3> \t\t\t\t\t\t\t\t\t\t\t\n\t\t\t\t\t\t\t\t\t\t\t\t\t\t\t\t\t\t\t\t\t\t\t\t\t\t\t\t\t\t\t\t\t\t\t\t\t\t\t\t\t\t\t\t\t\t\t\t\t\t\t\t\t\t\t\t<p>Kathy Peterson was hired as Learning Together&#8217;s third Executive Director.<\/p> \t\t\t\t\t\t\t\t\t\t\t\t\t\t\t\t\t\t\t\t\t\t\t\t\t\t\t\t\t\n\t\t\t\t\t\t\t\t2016\n\t\t<h2>\n\t\t\tMiddle Years\t<\/h2>\n\t\t\t\t\t\t\t\t\t\t\t\t\t\t\t\t\t\t\t<p>2015<\/p>\n\t\t\t\t\t\t\t\t\t\t\t\t\t\t\t\t\t\t\t\t\t\t\t<h3>2015<\/h3> \t\t\t\t\t\t\t\t\t\t\t\n\t\t\t\t\t\t\t\t\t\t\t\t\t\t\t\t\t\t\t\t\t\t\t\t\t\t\t\t\t\t\t\t\t\t\t\t\t\t\t\t\t\t\t\t\t\t\t\t\t\t\t\t\t\t\t\t<p>Nell Barnes retired.<\/p> \t\t\t\t\t\t\t\t\t\t\t\t\t\t\t\t\t\t\t\t\t\t\t\t\t\t\t\t\t\n\t\t\t\t\t\t\t\t2015\n\t\t\t\t\t\t\t\t\t\t\t\t\t\t\t\t\t\t\t<p>2012<\/p>\n\t\t\t\t\t\t\t\t\t\t\t\t\t\t\t\t\t\t\t\t\t\t\t<h3>2012<\/h3> \t\t\t\t\t\t\t\t\t\t\t\n\t\t\t\t\t\t\t\t\t\t\t\t\t\t\t\t\t\t\t\t\t\t\t\t\t\t\t\t\t\t\t\t\t\t\t\t\t\t\t\t\t\t\t\t\t\t\t\t\t\t\t\t\t\t\t\t<p>Inaugural Rock Paper Scissor Showdown fundraiser held.<\/p> \t\t\t\t\t\t\t\t\t\t\t\t\t\t\t\t\t\t\t\t\t\t\t\t\t\t\t\t\t\n\t\t\t\t\t\t\t\t2012\n\t\t\t\t\t\t\t\t\t\t\t\t\t\t\t\t\t\t\t<p>2011<\/p>\n\t\t\t\t\t\t\t\t\t\t\t\t\t\t\t\t\t\t\t\t\t\t\t<h3>2011<\/h3> \t\t\t\t\t\t\t\t\t\t\t\n\t\t\t\t\t\t\t\t\t\t\t\t\t\t\t\t\t\t\t\t\t\t\t\t\t\t\t\t\t\t\t\t\t\t\t\t\t\t\t\t\t\t\t\t\t\t\t\t\t\t\t\t\t\t\t\t<p>Cleo Barnes, Teacher Assistant, received the Direct Care Professional of the Year award from the Arc of Wake County.<\/p> \t\t\t\t\t\t\t\t\t\t\t\t\t\t\t\t\t\t\t\t\t\t\t\t\t\t\t\t\t\n\t\t\t\t\t\t\t\t2011\n\t\t\t\t\t\t\t\t\t\t\t\t\t\t\t\t\t\t\t<p>2010<\/p>\n\t\t\t\t\t\t\t\t\t\t\t\t\t\t\t\t\t\t\t\t\t\t\t<h3>2010<\/h3> \t\t\t\t\t\t\t\t\t\t\t\n\t\t\t\t\t\t\t\t\t\t\t\t\t\t\t\t\t\t\t\t\t\t\t\t\t\t\t\t\t\t\t\t\t\t\t\t\t\t\t\t\t\t\t\t\t\t\t\t\t\t\t\t\t\t\t\t<p>Partnership established with Telamon Head Start to operate blended inclusive classrooms in Raleigh, Cary, and Knightdale.<\/p> \t\t\t\t\t\t\t\t\t\t\t\t\t\t\t\t\t\t\t\t\t\t\t\t\t\t\t\t\t\n\t\t\t\t\t\t\t\t2010\n\t\t\t\t\t\t\t\t\t\t\t\t\t\t\t\t\t\t\t<p>2006<\/p>\n\t\t\t\t\t\t\t\t\t\t\t\t\t\t\t\t\t\t\t\t\t\t\t<h3>2006<\/h3> \t\t\t\t\t\t\t\t\t\t\t\n\t\t\t\t\t\t\t\t\t\t\t\t\t\t\t\t\t\t\t\t\t\t\t\t\t\t\t\t\t\t\t\t\t\t\t\t\t\t\t\t\t\t\t\t\t\t\t\t\t\t\t\t\t\t\t\t<p>Rosa Velez, a Koala classroom Teacher, received an Outstanding Child Care Teacher Award at the Tylenol &amp; Terry Lynn Lokoff Child Care Foundation National Awards Ceremony. This award recognizes and celebrates the achievements of outstanding early care and education teachers, bringing attention to the critical role these teachers play in the lives of young children.Executive Director Nell Barnes received the Dorothy B. Graham Child Care Leadership Award. The Dorothy B. Graham Early Childhood Leadership Award was created in 1998 to recognize and honor individuals who have made a difference in the lives of young children in Wake, Durham, or Orange counties.<\/p> \t\t\t\t\t\t\t\t\t\t\t\t\t\t\t\t\t\t\t\t\t\t\t\t\t\t\t\t\t\n\t\t\t\t\t\t\t\t2006\n\t\t\t\t\t\t\t\t\t\t\t\t\t\t\t\t\t\t\t<p>2005<\/p>\n\t\t\t\t\t\t\t\t\t\t\t\t\t\t\t\t\t\t\t\t\t\t\t<h3>2005<\/h3> \t\t\t\t\t\t\t\t\t\t\t\n\t\t\t\t\t\t\t\t\t\t\t\t\t\t\t\t\t\t\t\t\t\t\t\t\t\t\t\t\t\t\t\t\t\t\t\t\t\t\t\t\t\t\t\t\t\t\t\t\t\t\t\t\t\t\t\t<p>Learning Together celebrated its 30th anniversary, launching Tees for Tots, an annual golf tournament fundraiser held at The Preserve at Jordan Lake Golf Club.<\/p> \t\t\t\t\t\t\t\t\t\t\t\t\t\t\t\t\t\t\t\t\t\t\t\t\t\t\t\t\t\n\t\t\t\t\t\t\t\t2005\n\t\t\t\t\t\t\t\t\t\t\t\t\t\t\t\t\t\t\t<p>2002<\/p>\n\t\t\t\t\t\t\t\t\t\t\t\t\t\t\t\t\t\t\t\t\t\t\t<h3>2002<\/h3> \t\t\t\t\t\t\t\t\t\t\t\n\t\t\t\t\t\t\t\t\t\t\t\t\t\t\t\t\t\t\t\t\t\t\t\t\t\t\t\t\t\t\t\t\t\t\t\t\t\t\t\t\t\t\t\t\t\t\t\t\t\t\t\t\t\t\t\t<p>The National Association for the Education of Young Children (NAEYC) granted accreditation to Learning Together. This is a voluntary accreditation system that sets professional standards for early childhood education programs and helps families identify high-quality programs.<\/p> \t\t\t\t\t\t\t\t\t\t\t\t\t\t\t\t\t\t\t\t\t\t\t\t\t\t\t\t\t\n\t\t\t\t\t\t\t\t2002\n\t\t\t\t\t\t\t\t\t\t\t\t\t\t\t\t\t\t\t<p>2001<\/p>\n\t\t\t\t\t\t\t\t\t\t\t\t\t\t\t\t\t\t\t\t\t\t\t<h3>2001<\/h3> \t\t\t\t\t\t\t\t\t\t\t\n\t\t\t\t\t\t\t\t\t\t\t\t\t\t\t\t\t\t\t\t\t\t\t\t\t\t\t\t\t\t\t\t\t\t\t\t\t\t\t\t\t\t\t\t\t\t\t\t\t\t\t\t\t\t\t\t<p>Learning Together was among the first in North Carolina to be awarded the Five Star Child Care License and continues to maintain the high standards it requires. We are also certified as a Developmental Day Center by the NC Division of Child Development and Early Education &#8211; standards for that exceed those required by the Five Star Child Care License.<\/p> \t\t\t\t\t\t\t\t\t\t\t\t\t\t\t\t\t\t\t\t\t\t\t\t\t\t\t\t\t\n\t\t\t\t\t\t\t\t2001\n\t\t\t\t\t\t\t\t\t\t\t\t\t\t\t\t\t\t\t<p>2000<\/p>\n\t\t\t\t\t\t\t\t\t\t\t\t\t\t\t\t\t\t\t\t\t\t\t<h3>2000<\/h3> \t\t\t\t\t\t\t\t\t\t\t\n\t\t\t\t\t\t\t\t\t\t\t\t\t\t\t\t\t\t\t\t\t\t\t\t\t\t\t\t\t\t\t\t\t\t\t\t\t\t\t\t\t\t\t\t\t\t\t\t\t\t\t\t\t\t\t\t<p>Learning Together launched a Child Mental Health Initiative to provide comprehensive services to young children demonstrating serious social, emotional, behavioral, and\/or mental health concerns.<\/p> \t\t\t\t\t\t\t\t\t\t\t\t\t\t\t\t\t\t\t\t\t\t\t\t\t\t\t\t\t\n\t\t\t\t\t\t\t\t2000\n\t\t\t\t\t\t\t\t\t\t\t\t\t\t\t\t\t\t\t<p>1997<\/p>\n\t\t\t\t\t\t\t\t\t\t\t\t\t\t\t\t\t\t\t\t\t\t\t<h3>1997<\/h3> \t\t\t\t\t\t\t\t\t\t\t\n\t\t\t\t\t\t\t\t\t\t\t\t\t\t\t\t\t\t\t\t\t\t\t\t\t\t\t\t\t\t\t\t\t\t\t\t\t\t\t\t\t\t\t\t\t\t\t\t\t\t\t\t\t\t\t\t<p>Learning Together selected as one of the first sites for Blue Cross and Blue Shield of North Carolina&#8217;s Be Active Kids Program and served as the site for the national announcement.<\/p> \t\t\t\t\t\t\t\t\t\t\t\t\t\t\t\t\t\t\t\t\t\t\t\t\t\t\t\t\t\n\t\t\t\t\t\t\t\t1997\n\t\t\t\t\t\t\t\t\t\t\t\t\t\t\t\t\t\t\t<p>1993<\/p>\n\t\t\t\t\t\t\t\t\t\t\t\t\t\t\t\t\t\t\t\t\t\t\t<h3>1993<\/h3> \t\t\t\t\t\t\t\t\t\t\t\n\t\t\t\t\t\t\t\t\t\t\t\t\t\t\t\t\t\t\t\t\t\t\t\t\t\t\t\t\t\t\t\t\t\t\t\t\t\t\t\t\t\t\t\t\t\t\t\t\t\t\t\t\t\t\t\t<p>Learning Together honored as the site for NC Governor James B. Hunt&#8217;s announcement of the state Smart Start initiative.<\/p> \t\t\t\t\t\t\t\t\t\t\t\t\t\t\t\t\t\t\t\t\t\t\t\t\t\t\t\t\t\n\t\t\t\t\t\t\t\t1993\n\t\t<h2>\n\t\t\tEarly Years\t<\/h2>\n\t\t\t\t\t\t\t\t\t\t\t\t\t\t\t\t\t\t\t<p>1990<\/p>\n\t\t\t\t\t\t\t\t\t\t\t\t\t\t\t\t\t\t\t\t\t\t\t<h3>1990<\/h3> \t\t\t\t\t\t\t\t\t\t\t\n\t\t\t\t\t\t\t\t\t\t\t\t\t\t\t\t\t\t\t\t\t\t\t\t\t\t\t\t\t\t\t\t\t\t\t\t\t\t\t\t\t\t\t\t\t\t\t\t\t\t\t\t\t\t\t\t<p>The Americans with Disabilities Act was passed in Congress and signed into law by President George Bush, protecting the rights of people with disabilities, including an appropriate and equitable education.<\/p> \t\t\t\t\t\t\t\t\t\t\t\t\t\t\t\t\t\t\t\t\t\t\t\t\t\t\t\t\t\n\t\t\t\t\t\t\t\t1990\n\t\t\t\t\t\t\t\t\t\t\t\t\t\t\t\t\t\t\t<p>1988<\/p>\n\t\t\t\t\t\t\t\t\t\t\t\t\t\t\t\t\t\t\t\t\t\t\t<h3>1988<\/h3> \t\t\t\t\t\t\t\t\t\t\t\n\t\t\t\t\t\t\t\t\t\t\t\t\t\t\t\t\t\t\t\t\t\t\t\t\t\t\t\t\t\t\t\t\t\t\t\t\t\t\t\t\t\t\t\t\t\t\t\t\t\t\t\t\t\t\t\t<p>Learning Together relocated to the Crosby-Garfield Building at 568 E. Lenoir Street in southeast Raleigh.<\/p> \t\t\t\t\t\t\t\t\t\t\t\t\t\t\t\t\t\t\t\t\t\t\t\t\t\t\t\t\t\n\t\t\t\t\t\t\t\t1988\n\t\t\t\t\t\t\t\t\t\t\t\t\t\t\t\t\t\t\t<p>1985<\/p>\n\t\t\t\t\t\t\t\t\t\t\t\t\t\t\t\t\t\t\t\t\t\t\t<h3>1985<\/h3> \t\t\t\t\t\t\t\t\t\t\t\n\t\t\t\t\t\t\t\t\t\t\t\t\t\t\t\t\t\t\t\t\t\t\t\t\t\t\t\t\t\t\t\t\t\t\t\t\t\t\t\t\t\t\t\t\t\t\t\t\t\t\t\t\t\t\t\t<p>Nell Barnes was named the second Executive Director and became Learning Together&#8217;s first paid professional Executive Director.<\/p> \t\t\t\t\t\t\t\t\t\t\t\t\t\t\t\t\t\t\t\t\t\t\t\t\t\t\t\t\t\n\t\t\t\t\t\t\t\t1985\n\t\t\t\t\t\t\t\t\t\t\t\t\t\t\t\t\t\t\t<p>1982<\/p>\n\t\t\t\t\t\t\t\t\t\t\t\t\t\t\t\t\t\t\t\t\t\t\t<h3>1982<\/h3> \t\t\t\t\t\t\t\t\t\t\t\n\t\t\t\t\t\t\t\t\t\t\t\t\t\t\t\t\t\t\t\t\t\t\t\t\t\t\t\t\t\t\t\t\t\t\t\t\t\t\t\t\t\t\t\t\t\t\t\t\t\t\t\t\t\t\t\t<p>NC Division of Child Development and Early Education officially named Learning Together the State Demonstration Model for Mainstreaming.<\/p> \t\t\t\t\t\t\t\t\t\t\t\t\t\t\t\t\t\t\t\t\t\t\t\t\t\t\t\t\t\n\t\t\t\t\t\t\t\t1982\n\t\t\t\t\t\t\t\t\t\t\t\t\t\t\t\t\t\t\t<p>1981<\/p>\n\t\t\t\t\t\t\t\t\t\t\t\t\t\t\t\t\t\t\t\t\t\t\t<h3>1981<\/h3> \t\t\t\t\t\t\t\t\t\t\t\n\t\t\t\t\t\t\t\t\t\t\t\t\t\t\t\t\t\t\t\t\t\t\t\t\t\t\t\t\t\t\t\t\t\t\t\t\t\t\t\t\t\t\t\t\t\t\t\t\t\t\t\t\t\t\t\t<p>Learning Together moved into the Broughton Building on the Dorothea Dix Hospital campus.<\/p> \t\t\t\t\t\t\t\t\t\t\t\t\t\t\t\t\t\t\t\t\t\t\t\t\t\t\t\t\t\n\t\t\t\t\t\t\t\t1981\n\t\t\t\t\t\t\t\t\t\t\t\t\t\t\t\t\t\t\t<p>1975<\/p>\n\t\t\t\t\t\t\t\t\t\t\t\t\t\t\t\t\t\t\t\t\t\t\t<h3>1975<\/h3> \t\t\t\t\t\t\t\t\t\t\t\n\t\t\t\t\t\t\t\t\t\t\t\t\t\t\t\t\t\t\t\t\t\t\t\t\t\t\t\t\t\t\t\t\t\t\t\t\t\t\t\t\t\t\t\t\t\t\t\t\t\t\t\t\t\t\t\t<p>The Junior League of Raleigh and a State incentive grant provided start-up funds for Learning Together, Inc. to become incorporated as a private, federally-recognized nonprofit organization. Julia Williams continued to serve as Learning Together&#8217;s first official Executive Director.The newly incorporated Learning Together moved to Forest Hills Baptist Church due to the growing requests for services.<\/p> \t\t\t\t\t\t\t\t\t\t\t\t\t\t\t\t\t\t\t\t\t\t\t\t\t\t\t\t\t\n\t\t\t\t\t\t\t\t1975\n\t\t\t\t\t\t\t\t\t\t\t\t\t\t\t\t\t\t\t<p>1969<\/p>\n\t\t\t\t\t\t\t\t\t\t\t\t\t\t\t\t\t\t\t\t\t\t\t<h3>1969<\/h3> \t\t\t\t\t\t\t\t\t\t\t\n\t\t\t\t\t\t\t\t\t\t\t\t\t\t\t\t\t\t\t\t\t\t\t\t\t\t\t\t\t\t\t\t\t\t\t\t\t\t\t\t\t\t\t\t\t\t\t\t\t\t\t\t\t\t\t\t<p>Julia Williams brought her vision for a program that embraced children of all abilities to reality in Raleigh at Fairmont United Methodist Church as a half-day preschool program that included children with developmental delays. Julia creatively integrated her experiences as a public school teacher in the rural South and as a Methodist missionary and Director of a School in South America for ten years to develop what would become Learning Together. From its beginnings, Learning Together pioneered the &#8220;mainstreaming&#8221; of children, which later became law under the ADA. Julia took the concept a step further, focusing on full inclusion guided by an educational philosophy of &#8220;Interdependency&#8221; and positive self-esteem of children as the foundation for all learning.<\/p> \t\t\t\t\t\t\t\t\t\t\t\t\t\t\t\t\t\t\t\t\t\t\t\t\t\t\t\t\t\n\t\t\t\t\t\t\t\t1969\n\t\t<h2>\n\t\t\t\u00danase a nuestro viaje hacia la educaci\u00f3n inclusiva\t<\/h2>\n\t<p>Suscr\u00edbase a nuestro bolet\u00edn para obtener historias inspiradoras, actualizaciones y formas de apoyar el aprendizaje equitativo para todos los ni\u00f1os.<\/p>\n\t\t\t<a href=\"https:\/\/learningtogether.salsalabs.org\/510eddb5-2d62-4482-be2f-d8e5de891776\/index.html\" target=\"_blank\" rel=\"noopener\">\n\t\t\t\t\t\t\tSuscr\u00edbete hoy\n\t\t\t\t\t<\/a>","protected":false},"excerpt":{"rendered":"<p>Our History In 1969, a public school teacher brought her vision of a program that embraced children of all abilities and backgrounds to a reality. Today, Learning Together is recognized as a leader in inclusion education by Wake County Public Schools and other programs. Our program fosters inclusive, lifelong learning for individuals of all abilities&hellip;<\/p>","protected":false},"author":2,"featured_media":0,"parent":0,"menu_order":0,"comment_status":"closed","ping_status":"closed","template":"","meta":{"_monsterinsights_skip_tracking":false,"_monsterinsights_sitenote_active":false,"_monsterinsights_sitenote_note":"","_monsterinsights_sitenote_category":0,"footnotes":""},"class_list":["post-3605","page","type-page","status-publish","hentry"],"yoast_head":"<!-- This site is optimized with the Yoast SEO plugin v27.0 - https:\/\/yoast.com\/product\/yoast-seo-wordpress\/ -->\n<title>Our History - Learning Together<\/title>\n<meta name=\"robots\" content=\"index, follow, max-snippet:-1, max-image-preview:large, max-video-preview:-1\" \/>\n<link rel=\"canonical\" href=\"https:\/\/learningtogether.org\/es\/our-history\/\" \/>\n<meta property=\"og:locale\" content=\"es_MX\" \/>\n<meta property=\"og:type\" content=\"article\" \/>\n<meta property=\"og:title\" content=\"Our History - Learning Together\" \/>\n<meta property=\"og:description\" content=\"Our History In 1969, a public school teacher brought her vision of a program that embraced children of all abilities and backgrounds to a reality. Today, Learning Together is recognized as a leader in inclusion education by Wake County Public Schools and other programs. Our program fosters inclusive, lifelong learning for individuals of all abilities&hellip;\" \/>\n<meta property=\"og:url\" content=\"https:\/\/learningtogether.org\/es\/our-history\/\" \/>\n<meta property=\"og:site_name\" content=\"Learning Together\" \/>\n<meta property=\"article:modified_time\" content=\"2026-01-09T17:56:59+00:00\" \/>\n<meta name=\"twitter:card\" content=\"summary_large_image\" \/>\n<script type=\"application\/ld+json\" class=\"yoast-schema-graph\">{\"@context\":\"https:\/\/schema.org\",\"@graph\":[{\"@type\":\"WebPage\",\"@id\":\"https:\/\/learningtogether.org\/our-history\/\",\"url\":\"https:\/\/learningtogether.org\/our-history\/\",\"name\":\"Our History - Learning Together\",\"isPartOf\":{\"@id\":\"https:\/\/learningtogether.org\/#website\"},\"datePublished\":\"2024-03-12T22:35:52+00:00\",\"dateModified\":\"2026-01-09T17:56:59+00:00\",\"breadcrumb\":{\"@id\":\"https:\/\/learningtogether.org\/our-history\/#breadcrumb\"},\"inLanguage\":\"es\",\"potentialAction\":[{\"@type\":\"ReadAction\",\"target\":[\"https:\/\/learningtogether.org\/our-history\/\"]}]},{\"@type\":\"BreadcrumbList\",\"@id\":\"https:\/\/learningtogether.org\/our-history\/#breadcrumb\",\"itemListElement\":[{\"@type\":\"ListItem\",\"position\":1,\"name\":\"Home\",\"item\":\"https:\/\/learningtogether.org\/\"},{\"@type\":\"ListItem\",\"position\":2,\"name\":\"Our History\"}]},{\"@type\":\"WebSite\",\"@id\":\"https:\/\/learningtogether.org\/#website\",\"url\":\"https:\/\/learningtogether.org\/\",\"name\":\"Learning Together\",\"description\":\"Championing a super-inclusive education model\",\"potentialAction\":[{\"@type\":\"SearchAction\",\"target\":{\"@type\":\"EntryPoint\",\"urlTemplate\":\"https:\/\/learningtogether.org\/?s={search_term_string}\"},\"query-input\":{\"@type\":\"PropertyValueSpecification\",\"valueRequired\":true,\"valueName\":\"search_term_string\"}}],\"inLanguage\":\"es\"}]}<\/script>\n<!-- \/ Yoast SEO plugin. -->","yoast_head_json":{"title":"Our History - Learning Together","robots":{"index":"index","follow":"follow","max-snippet":"max-snippet:-1","max-image-preview":"max-image-preview:large","max-video-preview":"max-video-preview:-1"},"canonical":"https:\/\/learningtogether.org\/es\/our-history\/","og_locale":"es_MX","og_type":"article","og_title":"Our History - Learning Together","og_description":"Our History In 1969, a public school teacher brought her vision of a program that embraced children of all abilities and backgrounds to a reality. Today, Learning Together is recognized as a leader in inclusion education by Wake County Public Schools and other programs. Our program fosters inclusive, lifelong learning for individuals of all abilities&hellip;","og_url":"https:\/\/learningtogether.org\/es\/our-history\/","og_site_name":"Learning Together","article_modified_time":"2026-01-09T17:56:59+00:00","twitter_card":"summary_large_image","schema":{"@context":"https:\/\/schema.org","@graph":[{"@type":"WebPage","@id":"https:\/\/learningtogether.org\/our-history\/","url":"https:\/\/learningtogether.org\/our-history\/","name":"Our History - Learning Together","isPartOf":{"@id":"https:\/\/learningtogether.org\/#website"},"datePublished":"2024-03-12T22:35:52+00:00","dateModified":"2026-01-09T17:56:59+00:00","breadcrumb":{"@id":"https:\/\/learningtogether.org\/our-history\/#breadcrumb"},"inLanguage":"es","potentialAction":[{"@type":"ReadAction","target":["https:\/\/learningtogether.org\/our-history\/"]}]},{"@type":"BreadcrumbList","@id":"https:\/\/learningtogether.org\/our-history\/#breadcrumb","itemListElement":[{"@type":"ListItem","position":1,"name":"Home","item":"https:\/\/learningtogether.org\/"},{"@type":"ListItem","position":2,"name":"Our History"}]},{"@type":"WebSite","@id":"https:\/\/learningtogether.org\/#website","url":"https:\/\/learningtogether.org\/","name":"Learning Together","description":"Championing a super-inclusive education model","potentialAction":[{"@type":"SearchAction","target":{"@type":"EntryPoint","urlTemplate":"https:\/\/learningtogether.org\/?s={search_term_string}"},"query-input":{"@type":"PropertyValueSpecification","valueRequired":true,"valueName":"search_term_string"}}],"inLanguage":"es"}]}},"_links":{"self":[{"href":"https:\/\/learningtogether.org\/es\/wp-json\/wp\/v2\/pages\/3605","targetHints":{"allow":["GET"]}}],"collection":[{"href":"https:\/\/learningtogether.org\/es\/wp-json\/wp\/v2\/pages"}],"about":[{"href":"https:\/\/learningtogether.org\/es\/wp-json\/wp\/v2\/types\/page"}],"author":[{"embeddable":true,"href":"https:\/\/learningtogether.org\/es\/wp-json\/wp\/v2\/users\/2"}],"replies":[{"embeddable":true,"href":"https:\/\/learningtogether.org\/es\/wp-json\/wp\/v2\/comments?post=3605"}],"version-history":[{"count":0,"href":"https:\/\/learningtogether.org\/es\/wp-json\/wp\/v2\/pages\/3605\/revisions"}],"wp:attachment":[{"href":"https:\/\/learningtogether.org\/es\/wp-json\/wp\/v2\/media?parent=3605"}],"curies":[{"name":"wp","href":"https:\/\/api.w.org\/{rel}","templated":true}]}}